{"id":1237,"date":"2023-06-03T15:51:43","date_gmt":"2023-06-03T18:51:43","guid":{"rendered":"https:\/\/fatordental.com.br\/?post_type=product&#038;p=1237"},"modified":"2023-06-03T15:51:44","modified_gmt":"2023-06-03T18:51:44","slug":"cimento-resinoso-foto-allcem-veneer-aps-a2-fgm","status":"publish","type":"product","link":"https:\/\/fatordental.com.br\/index.php\/produto\/cimento-resinoso-foto-allcem-veneer-aps-a2-fgm\/","title":{"rendered":"Cimento Resinoso Foto Allcem Veneer APS A2- FGM"},"content":{"rendered":"<p><strong>Embalagem com 2,5g + ponteiras<\/strong><\/p>\n<ul>\n<li><strong>DETALHES<\/strong><\/li>\n<\/ul>\n<p>&#8211; Conta com estabilidade de cor e fluoresc\u00eancia que resultam em um aspecto id\u00eantico ao dente natural.<br \/>\n&#8211; Radiopacidade que permite diagn\u00f3stico radiogr\u00e1fico.<br \/>\n&#8211; Suas propriedades mec\u00e2nicas possibilitam uma cimenta\u00e7\u00e3o duradoura e confi\u00e1vel.<br \/>\n&#8211; Permite f\u00e1cil e pr\u00e1tico uso.<br \/>\n&#8211; Fotopolimeriz\u00e1vel.<br \/>\n&#8211; Evita a altera\u00e7\u00e3o de cor e opacidade antes e ap\u00f3s a polimeriza\u00e7\u00e3o.<br \/>\n&#8211; Maior tempo de trabalho em campo iluminado para posicionar as facetas.<br \/>\n&#8211; Compatibilidade com fotopolimerizadores emissores de luz azul.<br \/>\n&#8211; Validade: 3 anos a partir da data de fabrica\u00e7\u00e3o.<\/p>\n<ul>\n<li><strong>APLICA\u00c7\u00c3O<\/strong><\/li>\n<\/ul>\n<p>O\u00a0<strong>Cimento Resinoso Fotopolimeriz\u00e1vel Allcem Veneer APS<\/strong>\u00a0da\u00a0<a href=\"https:\/\/www.dentalcremer.com.br\/super-loja\/fgm.html\"><strong>FGM<\/strong>\u00a0<\/a>apresenta \u00f3tima consist\u00eancia para proporcionar uma f\u00e1cil manipula\u00e7\u00e3o. Seu uso \u00e9 indicado para cimenta\u00e7\u00e3o definitiva de lentes de contato dentais e facetas em cer\u00e2mica e\/ou resina composta (com espessuras de at\u00e9 1,5mm) sem infraestrutura opaca.<\/p>\n<p>Ele foi pensado para uma maior previsibilidade, facilidade e seguran\u00e7a no processo de cimenta\u00e7\u00e3o atrav\u00e9s de suas \u00f3timas propriedades mec\u00e2nicas e tecnologia APS.<\/p>\n<p><strong>Orienta\u00e7\u00f5es de uso do Cimento Resinoso Fotopolimeriz\u00e1vel Allcem Veneer APS da FGM<\/strong><\/p>\n<p><strong>Preparo do dente<\/strong><br \/>\n1 \u2013 Certificar-se de que a superf\u00edcie do dente e a pe\u00e7a prot\u00e9tica esteja sem qualquer subst\u00e2ncia.<br \/>\n2 \u2013 Realizar o isolamento relativo ou absoluto de acordo com o caso.<br \/>\n3 \u2013 Utilizar a manobra de afastamento com fios retratores se preferir utilizar o isolamento relativo, caso o t\u00e9rmino cervical se encontre subgengival.<br \/>\n4 \u2013 Com \u00e1cido fosf\u00f3rico\u00a0<strong>Condac 37 (FGM)<\/strong>, condicionar a superf\u00edcie de esmalte e\/ou dentina e em seguida, lavar e secar\u00a0sem desidratar.<br \/>\n5 \u2013 Aplicar adesivo dental conforme orienta\u00e7\u00f5es do fabricante. N\u00e3o fotopolimerizar.<\/p>\n<p><strong>Preparo da pe\u00e7a<\/strong><br \/>\n1 \u2013 Com o uso de \u00e1cido fluor\u00eddrico\u00a0<strong>Condac Porcelana (FGM) 5%\u00a0<\/strong>ou\u00a0<strong>10%<\/strong>, condicionar a superf\u00edcie interna da faceta.<br \/>\n2 \u2013 Aplicar\u00a0<strong>Silano Prosil (FGM)<\/strong>\u00a0no interior da pe\u00e7a e deixar secar por 1 minuto.<br \/>\n3 \u2013 Aplicar adesivo no interior da pe\u00e7a conforme orienta\u00e7\u00f5es do fabricante. N\u00e3o fotopolimerizar.<\/p>\n<p><strong>Cimenta\u00e7\u00e3o<\/strong><br \/>\n1 \u2013 Prosseguir com a cimenta\u00e7\u00e3o ap\u00f3s preparo da pe\u00e7a e do dente.<br \/>\n2 \u2013 Aplicar uma pequena camada de\u00a0<strong>cimento<\/strong>\u00a0na face interna da faceta.<br \/>\n3 \u2013 Posicionar a pe\u00e7a e remover os excessos de cimento (com\u00a0<a href=\"https:\/\/www.dentalcremer.com.br\/aplicador-cavibrush-fgm-dc10242.html\"><strong>Cavibrush<\/strong>\u00a0<\/a>ou sonda exploradora).<br \/>\n4 \u2013 Antes de realizar a fotoativa\u00e7\u00e3o, aplicar gel de glicerina nas margens da restaura\u00e7\u00e3o para evitar a camada inibida por oxig\u00eanio.<br \/>\n5 \u2013 Fotopolimerizar por 40 segundos em cada margem e sobre a face vestibular.<br \/>\n6 \u2013 Realizar o acabamento e polimento.<br \/>\n<strong>* Observa\u00e7\u00f5es:<\/strong><br \/>\n&#8211; Para a fotoativa\u00e7\u00e3o, utilizar equipamentos de luz hal\u00f3gena ou LED com pot\u00eancia igual ou superior a 450 mW\/cm\u00b2 e espectro de emiss\u00e3o de luz azul (400-500 nm).<br \/>\n&#8211; Produtos utilizados no procedimento em conjunto com o\u00a0<strong>Allcem Veneer APS<\/strong>\u00a0s\u00e3o vendidos separadamente.<\/p>\n","protected":false},"excerpt":{"rendered":"<p>Embalagem com 2,5g + ponteiras DETALHES &#8211; Conta com estabilidade de cor e fluoresc\u00eancia que resultam em um aspecto id\u00eantico ao dente natural. &#8211; Radiopacidade que permite diagn\u00f3stico radiogr\u00e1fico. &#8211; [&hellip;]<\/p>\n","protected":false},"featured_media":1235,"template":"","meta":[],"product_brand":[],"product_cat":[41,40],"product_tag":[],"class_list":{"0":"post-1237","1":"product","2":"type-product","3":"status-publish","4":"has-post-thumbnail","6":"product_cat-cimento-resinoso","7":"product_cat-cimentos","9":"first","10":"instock","11":"shipping-taxable","12":"product-type-simple"},"yoast_head":"<!-- This site is optimized with the Yoast SEO plugin v26.8 - https:\/\/yoast.com\/product\/yoast-seo-wordpress\/ -->\n<title>Cimento Resinoso Foto Allcem Veneer APS A2- FGM - Fator Dental<\/title>\n<meta name=\"robots\" content=\"index, follow, max-snippet:-1, max-image-preview:large, max-video-preview:-1\" \/>\n<link rel=\"canonical\" href=\"https:\/\/fatordental.com.br\/index.php\/produto\/cimento-resinoso-foto-allcem-veneer-aps-a2-fgm\/\" \/>\n<meta property=\"og:locale\" content=\"pt_BR\" \/>\n<meta property=\"og:type\" content=\"article\" \/>\n<meta property=\"og:title\" content=\"Cimento Resinoso Foto Allcem Veneer APS A2- FGM - Fator Dental\" \/>\n<meta property=\"og:description\" content=\"Embalagem com 2,5g + ponteiras DETALHES &#8211; Conta com estabilidade de cor e fluoresc\u00eancia que resultam em um aspecto id\u00eantico ao dente natural. &#8211; Radiopacidade que permite diagn\u00f3stico radiogr\u00e1fico. &#8211; [&hellip;]\" \/>\n<meta property=\"og:url\" content=\"https:\/\/fatordental.com.br\/index.php\/produto\/cimento-resinoso-foto-allcem-veneer-aps-a2-fgm\/\" \/>\n<meta property=\"og:site_name\" content=\"Fator Dental\" \/>\n<meta property=\"article:modified_time\" content=\"2023-06-03T18:51:44+00:00\" \/>\n<meta property=\"og:image\" content=\"https:\/\/fatordental.com.br\/wp-content\/uploads\/2023\/06\/cimento-resinoso-foto-allcem-veneer-aps-fgm-852226.jpg\" \/>\n\t<meta property=\"og:image:width\" content=\"900\" \/>\n\t<meta property=\"og:image:height\" content=\"900\" \/>\n\t<meta property=\"og:image:type\" content=\"image\/jpeg\" \/>\n<meta name=\"twitter:card\" content=\"summary_large_image\" \/>\n<meta name=\"twitter:label1\" content=\"Est. tempo de leitura\" \/>\n\t<meta name=\"twitter:data1\" content=\"3 minutos\" \/>\n<script type=\"application\/ld+json\" class=\"yoast-schema-graph\">{\"@context\":\"https:\/\/schema.org\",\"@graph\":[{\"@type\":\"WebPage\",\"@id\":\"https:\/\/fatordental.com.br\/index.php\/produto\/cimento-resinoso-foto-allcem-veneer-aps-a2-fgm\/\",\"url\":\"https:\/\/fatordental.com.br\/index.php\/produto\/cimento-resinoso-foto-allcem-veneer-aps-a2-fgm\/\",\"name\":\"Cimento Resinoso Foto Allcem Veneer APS A2- FGM - Fator Dental\",\"isPartOf\":{\"@id\":\"https:\/\/fatordental.com.br\/#website\"},\"primaryImageOfPage\":{\"@id\":\"https:\/\/fatordental.com.br\/index.php\/produto\/cimento-resinoso-foto-allcem-veneer-aps-a2-fgm\/#primaryimage\"},\"image\":{\"@id\":\"https:\/\/fatordental.com.br\/index.php\/produto\/cimento-resinoso-foto-allcem-veneer-aps-a2-fgm\/#primaryimage\"},\"thumbnailUrl\":\"https:\/\/fatordental.com.br\/wp-content\/uploads\/2023\/06\/cimento-resinoso-foto-allcem-veneer-aps-fgm-852226.jpg\",\"datePublished\":\"2023-06-03T18:51:43+00:00\",\"dateModified\":\"2023-06-03T18:51:44+00:00\",\"breadcrumb\":{\"@id\":\"https:\/\/fatordental.com.br\/index.php\/produto\/cimento-resinoso-foto-allcem-veneer-aps-a2-fgm\/#breadcrumb\"},\"inLanguage\":\"pt-BR\",\"potentialAction\":[{\"@type\":\"ReadAction\",\"target\":[\"https:\/\/fatordental.com.br\/index.php\/produto\/cimento-resinoso-foto-allcem-veneer-aps-a2-fgm\/\"]}]},{\"@type\":\"ImageObject\",\"inLanguage\":\"pt-BR\",\"@id\":\"https:\/\/fatordental.com.br\/index.php\/produto\/cimento-resinoso-foto-allcem-veneer-aps-a2-fgm\/#primaryimage\",\"url\":\"https:\/\/fatordental.com.br\/wp-content\/uploads\/2023\/06\/cimento-resinoso-foto-allcem-veneer-aps-fgm-852226.jpg\",\"contentUrl\":\"https:\/\/fatordental.com.br\/wp-content\/uploads\/2023\/06\/cimento-resinoso-foto-allcem-veneer-aps-fgm-852226.jpg\",\"width\":900,\"height\":900},{\"@type\":\"BreadcrumbList\",\"@id\":\"https:\/\/fatordental.com.br\/index.php\/produto\/cimento-resinoso-foto-allcem-veneer-aps-a2-fgm\/#breadcrumb\",\"itemListElement\":[{\"@type\":\"ListItem\",\"position\":1,\"name\":\"In\u00edcio\",\"item\":\"https:\/\/fatordental.com.br\/\"},{\"@type\":\"ListItem\",\"position\":2,\"name\":\"Produtos\",\"item\":\"https:\/\/fatordental.com.br\/index.php\/produtos\/\"},{\"@type\":\"ListItem\",\"position\":3,\"name\":\"Cimento Resinoso Foto Allcem Veneer APS A2- FGM\"}]},{\"@type\":\"WebSite\",\"@id\":\"https:\/\/fatordental.com.br\/#website\",\"url\":\"https:\/\/fatordental.com.br\/\",\"name\":\"Fator Dental\",\"description\":\"Produtos Ondontol\u00f3gicos\",\"publisher\":{\"@id\":\"https:\/\/fatordental.com.br\/#organization\"},\"potentialAction\":[{\"@type\":\"SearchAction\",\"target\":{\"@type\":\"EntryPoint\",\"urlTemplate\":\"https:\/\/fatordental.com.br\/?s={search_term_string}\"},\"query-input\":{\"@type\":\"PropertyValueSpecification\",\"valueRequired\":true,\"valueName\":\"search_term_string\"}}],\"inLanguage\":\"pt-BR\"},{\"@type\":\"Organization\",\"@id\":\"https:\/\/fatordental.com.br\/#organization\",\"name\":\"Fator Dental\",\"url\":\"https:\/\/fatordental.com.br\/\",\"logo\":{\"@type\":\"ImageObject\",\"inLanguage\":\"pt-BR\",\"@id\":\"https:\/\/fatordental.com.br\/#\/schema\/logo\/image\/\",\"url\":\"https:\/\/fatordental.com.br\/wp-content\/uploads\/2023\/02\/logo_fator.png\",\"contentUrl\":\"https:\/\/fatordental.com.br\/wp-content\/uploads\/2023\/02\/logo_fator.png\",\"width\":400,\"height\":256,\"caption\":\"Fator Dental\"},\"image\":{\"@id\":\"https:\/\/fatordental.com.br\/#\/schema\/logo\/image\/\"},\"sameAs\":[\"https:\/\/www.instagram.com\/fatordental\/\"]}]}<\/script>\n<!-- \/ Yoast SEO plugin. -->","yoast_head_json":{"title":"Cimento Resinoso Foto Allcem Veneer APS A2- FGM - Fator Dental","robots":{"index":"index","follow":"follow","max-snippet":"max-snippet:-1","max-image-preview":"max-image-preview:large","max-video-preview":"max-video-preview:-1"},"canonical":"https:\/\/fatordental.com.br\/index.php\/produto\/cimento-resinoso-foto-allcem-veneer-aps-a2-fgm\/","og_locale":"pt_BR","og_type":"article","og_title":"Cimento Resinoso Foto Allcem Veneer APS A2- FGM - Fator Dental","og_description":"Embalagem com 2,5g + ponteiras DETALHES &#8211; Conta com estabilidade de cor e fluoresc\u00eancia que resultam em um aspecto id\u00eantico ao dente natural. &#8211; Radiopacidade que permite diagn\u00f3stico radiogr\u00e1fico. &#8211; [&hellip;]","og_url":"https:\/\/fatordental.com.br\/index.php\/produto\/cimento-resinoso-foto-allcem-veneer-aps-a2-fgm\/","og_site_name":"Fator Dental","article_modified_time":"2023-06-03T18:51:44+00:00","og_image":[{"width":900,"height":900,"url":"https:\/\/fatordental.com.br\/wp-content\/uploads\/2023\/06\/cimento-resinoso-foto-allcem-veneer-aps-fgm-852226.jpg","type":"image\/jpeg"}],"twitter_card":"summary_large_image","twitter_misc":{"Est. tempo de leitura":"3 minutos"},"schema":{"@context":"https:\/\/schema.org","@graph":[{"@type":"WebPage","@id":"https:\/\/fatordental.com.br\/index.php\/produto\/cimento-resinoso-foto-allcem-veneer-aps-a2-fgm\/","url":"https:\/\/fatordental.com.br\/index.php\/produto\/cimento-resinoso-foto-allcem-veneer-aps-a2-fgm\/","name":"Cimento Resinoso Foto Allcem Veneer APS A2- FGM - Fator Dental","isPartOf":{"@id":"https:\/\/fatordental.com.br\/#website"},"primaryImageOfPage":{"@id":"https:\/\/fatordental.com.br\/index.php\/produto\/cimento-resinoso-foto-allcem-veneer-aps-a2-fgm\/#primaryimage"},"image":{"@id":"https:\/\/fatordental.com.br\/index.php\/produto\/cimento-resinoso-foto-allcem-veneer-aps-a2-fgm\/#primaryimage"},"thumbnailUrl":"https:\/\/fatordental.com.br\/wp-content\/uploads\/2023\/06\/cimento-resinoso-foto-allcem-veneer-aps-fgm-852226.jpg","datePublished":"2023-06-03T18:51:43+00:00","dateModified":"2023-06-03T18:51:44+00:00","breadcrumb":{"@id":"https:\/\/fatordental.com.br\/index.php\/produto\/cimento-resinoso-foto-allcem-veneer-aps-a2-fgm\/#breadcrumb"},"inLanguage":"pt-BR","potentialAction":[{"@type":"ReadAction","target":["https:\/\/fatordental.com.br\/index.php\/produto\/cimento-resinoso-foto-allcem-veneer-aps-a2-fgm\/"]}]},{"@type":"ImageObject","inLanguage":"pt-BR","@id":"https:\/\/fatordental.com.br\/index.php\/produto\/cimento-resinoso-foto-allcem-veneer-aps-a2-fgm\/#primaryimage","url":"https:\/\/fatordental.com.br\/wp-content\/uploads\/2023\/06\/cimento-resinoso-foto-allcem-veneer-aps-fgm-852226.jpg","contentUrl":"https:\/\/fatordental.com.br\/wp-content\/uploads\/2023\/06\/cimento-resinoso-foto-allcem-veneer-aps-fgm-852226.jpg","width":900,"height":900},{"@type":"BreadcrumbList","@id":"https:\/\/fatordental.com.br\/index.php\/produto\/cimento-resinoso-foto-allcem-veneer-aps-a2-fgm\/#breadcrumb","itemListElement":[{"@type":"ListItem","position":1,"name":"In\u00edcio","item":"https:\/\/fatordental.com.br\/"},{"@type":"ListItem","position":2,"name":"Produtos","item":"https:\/\/fatordental.com.br\/index.php\/produtos\/"},{"@type":"ListItem","position":3,"name":"Cimento Resinoso Foto Allcem Veneer APS A2- FGM"}]},{"@type":"WebSite","@id":"https:\/\/fatordental.com.br\/#website","url":"https:\/\/fatordental.com.br\/","name":"Fator Dental","description":"Produtos Ondontol\u00f3gicos","publisher":{"@id":"https:\/\/fatordental.com.br\/#organization"},"potentialAction":[{"@type":"SearchAction","target":{"@type":"EntryPoint","urlTemplate":"https:\/\/fatordental.com.br\/?s={search_term_string}"},"query-input":{"@type":"PropertyValueSpecification","valueRequired":true,"valueName":"search_term_string"}}],"inLanguage":"pt-BR"},{"@type":"Organization","@id":"https:\/\/fatordental.com.br\/#organization","name":"Fator Dental","url":"https:\/\/fatordental.com.br\/","logo":{"@type":"ImageObject","inLanguage":"pt-BR","@id":"https:\/\/fatordental.com.br\/#\/schema\/logo\/image\/","url":"https:\/\/fatordental.com.br\/wp-content\/uploads\/2023\/02\/logo_fator.png","contentUrl":"https:\/\/fatordental.com.br\/wp-content\/uploads\/2023\/02\/logo_fator.png","width":400,"height":256,"caption":"Fator Dental"},"image":{"@id":"https:\/\/fatordental.com.br\/#\/schema\/logo\/image\/"},"sameAs":["https:\/\/www.instagram.com\/fatordental\/"]}]}},"_links":{"self":[{"href":"https:\/\/fatordental.com.br\/index.php\/wp-json\/wp\/v2\/product\/1237","targetHints":{"allow":["GET"]}}],"collection":[{"href":"https:\/\/fatordental.com.br\/index.php\/wp-json\/wp\/v2\/product"}],"about":[{"href":"https:\/\/fatordental.com.br\/index.php\/wp-json\/wp\/v2\/types\/product"}],"wp:featuredmedia":[{"embeddable":true,"href":"https:\/\/fatordental.com.br\/index.php\/wp-json\/wp\/v2\/media\/1235"}],"wp:attachment":[{"href":"https:\/\/fatordental.com.br\/index.php\/wp-json\/wp\/v2\/media?parent=1237"}],"wp:term":[{"taxonomy":"product_brand","embeddable":true,"href":"https:\/\/fatordental.com.br\/index.php\/wp-json\/wp\/v2\/product_brand?post=1237"},{"taxonomy":"product_cat","embeddable":true,"href":"https:\/\/fatordental.com.br\/index.php\/wp-json\/wp\/v2\/product_cat?post=1237"},{"taxonomy":"product_tag","embeddable":true,"href":"https:\/\/fatordental.com.br\/index.php\/wp-json\/wp\/v2\/product_tag?post=1237"}],"curies":[{"name":"wp","href":"https:\/\/api.w.org\/{rel}","templated":true}]}}